{"id":9254,"date":"2017-10-31T16:16:30","date_gmt":"2017-10-31T15:16:30","guid":{"rendered":"https:\/\/www.hotelwindsornice.com\/?page_id=9254"},"modified":"2025-08-24T22:14:04","modified_gmt":"2025-08-24T21:14:04","slug":"histoire-du-windsor","status":"publish","type":"page","link":"https:\/\/www.hotelwindsornice.com\/en\/histoire-du-windsor\/","title":{"rendered":"Histoire du WindsoR"},"content":{"rendered":"\n<p class=\"has-text-align-center\">L\u2019h\u00f4tel Windsor est situ\u00e9 \u00e0 quelques pas de la Promenade des Anglais et de la zone pi\u00e9tonne. <\/p>\n\n\n\n<p class=\"has-text-align-center\">C\u2019est un h\u00f4tel familial charg\u00e9 d\u2019histoire qui a \u00e9volu\u00e9 au fil des g\u00e9n\u00e9rations. <\/p>\n\n\n\n<p class=\"has-text-align-center\">Il a subi plusieurs transformations afin d\u2019obtenir une troisi\u00e8me \u00e9toile au milieu du si\u00e8cle dernier et la quatri\u00e8me \u00e9toile en 2012. &nbsp;<\/p>\n\n\n<section id=\"rooms-categories-block_ff9a3537d905a9ed9a69b6926ea393f7\" class=\"row px-0 pb-90 \">\n\t<div class=\"col-md-12 px-36 pb-25\" id=\"\"><div class=\"afg-line-before\"><\/div><\/div> \n\t<div class=\"col-lg-6 px-0 pb-30\">\n\t\t\t\t\t\t\t<div class=\"pb-30 content-font-18 lh-31 pl-36 pr-90 mb-0\"><p><strong>Au cours du temps<\/strong>, le jardin du Windsor est devenu une oasis tropicale inattendue au c\u0153ur de la ville o\u00f9 se niche une petite piscine et de multiples essences\u00a0:\u00a0 un caoutchouc g\u00e9ant et des bambous noirs, des palmiers et des arbres fruitiers.<\/p>\n<p>Le Windsor propose l\u2019ensemble des prestations disponibles dans un h\u00f4tel\u00a0: un bar, un restaurant, un spa, une piscine\u2026 des prestations soign\u00e9es avec des produits de qualit\u00e9.<\/p>\n<p>L\u2019art est la signature de l\u2019h\u00f4tel qui abrite une collection unique de 33 chambres \u0153uvres ainsi que des installations dans les parties communes. Le Windsor organise chaque ann\u00e9e des \u00e9v\u00e9nements\u00a0artistiques, expositions ou installations \u00e9ph\u00e9m\u00e8res. Depuis 2015, un festival d\u2019art vid\u00e9o OVNi, Objectif Video Nice, \u00e0 l\u2019\u00e9chelle de la ville, s\u2019y pr\u00e9pare en coulisse et depuis 2017, c\u2019est un salon d\u2019art contemporain <em>Camera camera, dans les chambres de l\u2019h\u00f4tel qui s\u2019y tient fin Novembre. <\/em><\/p>\n<p>A l\u2019occasion d\u2019OVNi, Christian Bernard, directeur du MAMCO qui parrainait l\u2019\u00e9v\u00e9nement, \u00e9crivait\u00a0:<\/p>\n<p><em>&#8220;Le Windsor est une oasis cach\u00e9e parmi les mirages de Nice. Les migrateurs viennent s\u2019y reposer des agitations \u00e9oliennes. Cette oisellerie secr\u00e8te a \u00e9t\u00e9 imagin\u00e9e par Bernard Redolfi. Certains de ses h\u00f4tes n\u2019y font que passer, d\u2019autres y refont Lascaux. Tintin tra\u00eene dans les couloirs \u00e0 l\u2019aff\u00fbt d\u2019un tuyau sur le prochain invit\u00e9. Raymond Hains y tenait salon. Les futuristes y donn\u00e8rent un banquet. Rien d\u2019\u00e9tonnant \u00e0 ce que cette maison des singularit\u00e9s r\u00e9invente avec Odile Redolfi les lois de l\u2019hospitalit\u00e9 artistique. Les \u00e9crans des chambres du d\u00e9sormais mythique H\u00f4tel Windsor n\u2019attendaient plus que les images trembl\u00e9es qui vont les hanter.&#8221;<\/em><\/p>\n<p><strong>Christian Bernard, Toulouse, 16 septembre 2015<\/strong><\/p>\n<p><a href=\"https:\/\/www.hotelwindsornice.com\/wp-content\/uploads\/2025\/08\/6L1A9068-50.jpg\"><img loading=\"lazy\" decoding=\"async\" class=\"alignright wp-image-18337\" src=\"https:\/\/www.hotelwindsornice.com\/wp-content\/uploads\/2025\/08\/6L1A9068-50-1024x683.jpg\" alt=\"\" width=\"675\" height=\"450\" srcset=\"https:\/\/www.hotelwindsornice.com\/wp-content\/uploads\/2025\/08\/6L1A9068-50-1024x683.jpg 1024w, https:\/\/www.hotelwindsornice.com\/wp-content\/uploads\/2025\/08\/6L1A9068-50-300x200.jpg 300w, https:\/\/www.hotelwindsornice.com\/wp-content\/uploads\/2025\/08\/6L1A9068-50-768x512.jpg 768w, https:\/\/www.hotelwindsornice.com\/wp-content\/uploads\/2025\/08\/6L1A9068-50-1536x1024.jpg 1536w, https:\/\/www.hotelwindsornice.com\/wp-content\/uploads\/2025\/08\/6L1A9068-50-600x400.jpg 600w, https:\/\/www.hotelwindsornice.com\/wp-content\/uploads\/2025\/08\/6L1A9068-50-100x67.jpg 100w, https:\/\/www.hotelwindsornice.com\/wp-content\/uploads\/2025\/08\/6L1A9068-50.jpg 1728w\" sizes=\"auto, (max-width: 675px) 100vw, 675px\" \/><\/a><\/p>\n<\/div>\n\t\t\t<\/div>\n\t<div class=\"col-lg-6 pl-4 pr-0 pb-4\">\n\t\t\t\t\t<div class=\"afg-one-image-slider id=\"slider-rooms-categories-block_ff9a3537d905a9ed9a69b6926ea393f7\"><figure class=\"afg-slide\"><img decoding=\"async\" src=\"https:\/\/www.hotelwindsornice.com\/wp-content\/uploads\/2025\/08\/Facade-exterieure.jpg\" alt=\"\" ><\/figure><\/div>\t\t\t<\/div>\n\t\t\t<div class=\"col-lg-12 afg-flex px-0 mb-80\">\n\t\t\t\t<\/div>\n\t\t\n\n\t<style type=\"text\/css\">\n\t\t#rooms-categories-block_ff9a3537d905a9ed9a69b6926ea393f7 .afg-line-before {\n\t\t\tbackground-color:#020000;\n\t\t}\n\t<\/style>\n<\/section>\n\n<section id=\"text-slider-block_216a1d5eda9a28135c9181339a844bf9\" class=\"row px-0 pb-90 \">\n\t\t\t<div class=\"col-md-12 px-36 pb-25\"><div class=\"afg-line-before\"><\/div><\/div>\n\t \n\t<div class=\"col-lg-6 px-0 pb-30\" id=\"\">\n\t\t\t\t\t<h1 class=\"px-36 title-font-50 pb-30 pt-12 lh-60 mb-0\">\n\t\t\t\tHistoire\t\t\t<\/h1>\n\t\t\t\t\t\t\t<div class=\"pb-30 content-font-18 lh-21 pl-36 pr-90 mb-0\"><p>L\u2019H\u00f4tel WindsoR f\u00fbt b\u00e2ti en 1896 par B. Pachiaudi, un architecte de l\u2019\u00e9cole d\u2019Eiffel. Sa fa\u00e7ade en pierre de taille et la structure en fer du toit sont caract\u00e9ristiques de ce mouvement d\u2019architecture de la fin du XIX\u00e8me si\u00e8cle. Immeuble bourgeois \u00e0 l\u2019origine, il fut transform\u00e9 en h\u00f4tel d\u00e8s le d\u00e9but du XX\u00e8me si\u00e8cle. \u00a0Entre 1926 et 1936, il fut dirig\u00e9 par Maurice Journeau, un compositeur de talent qui travaillait avec l&#8217;excellent violoniste de l&#8217;\u00e9poque Gil Graven.<\/p>\n<p>Lorsque Marguerite et Vincent Redolfi-Strizzot devinrent propri\u00e9taire en 1942, le Windsor \u00e9tait un h\u00f4tel pension 2 \u00e9toiles traditionnel, tr\u00e8s pris\u00e9 par la client\u00e8le anglaise qui effectuait \u00e0 l\u2019\u00e9poque de longs s\u00e9jours sous le soleil de la C\u00f4te d\u2019Azur en hiver. Les clients y habitaient parfois de longs mois pour profiter de la douceur du climat, c\u2019\u00e9tait une client\u00e8le principalement russe et anglo saxone. Avec Jean-Claude Redolfi, une premi\u00e8re transformation permit d&#8217;obtenir une 3\u00e8me \u00e9toile.<\/p>\n<p>A partir de1975, Bernard Redolfi, inspir\u00e9 par ses nombreux voyages en Asie et en Am\u00e9rique Latine, voulut cr\u00e9er une atmosph\u00e8re diff\u00e9rente, s\u2019\u00e9loignant du style classique des h\u00f4tels d\u2019alors.\u00a0Il installe un tr\u00f4ne et un temple chinois dans le hall qui donnent \u00e0 l\u2019h\u00f4tel une touche exotique, et am\u00e9nage le jardin autour d\u2019une petite piscine, avec des essences tropicales qui conf\u00e8rent au lieu une magie venue d\u2019ailleurs. Antoine Baudoin r\u00e9alisera des fresques murales invitant aux r\u00eaves et aux voyages. Ainsi, une trentaine de chambres furent r\u00e9nov\u00e9es dans cet esprit dans les ann\u00e9es 80.<\/p>\n<p>En 1987, Bernard Redolfi participe \u00e0 un voyage \u00e0 Gand organis\u00e9 par Christian Bernard, directeur de la Villa Arson. C\u2019est au d\u00e9c\u00e8s d\u2019Antoine Baudoin et \u00e0 la suite de ce voyage que le concept des \u00ab\u00a0chambres d\u2019artistes\u00a0\u00bb \u00e0 l\u2019h\u00f4tel Windsor commen\u00e7a \u00e0 \u00e9merger. En 1989, Bernard d\u00e9cidait de confier une premi\u00e8re chambre \u00e0 Jo\u00ebl Ducoroy, esp\u00e9rant que d\u2019autres h\u00f4teliers poursuivraient le parcours dans la ville. Mais, aucun h\u00f4tel ne suivra l\u2019exp\u00e9rience et Bernard poursuivit ainsi la r\u00e9novation de l\u2019h\u00f4tel en constituant une collection de chambres unique au monde (Ben, Glen Baxter, Claudio Parmiggianni, Robert Barry\u2026). Ce travail fut r\u00e9alis\u00e9 en \u00e9troite collaboration avec Martine De la Ch\u00e2tre, amie d\u2019enfance et galeriste r\u00e9put\u00e9e \u00e0 Nice puis dans le Marais.<\/p>\n<p>Depuis 2004, sa ni\u00e8ce Odile Redolfi-Payen dirige \u00e0 son tour l\u2019H\u00f4tel WindsoR dans le m\u00eame esprit et assure la continuit\u00e9 de la collection avec engagement. Les salles de bains ont \u00e9t\u00e9 refaites, le plus souvent en concertation avec les artistes des chambres\u2026 Une nouvelle chambre est r\u00e9alis\u00e9e chaque ann\u00e9e (Olivier Notellet,\u00a0Aicha Hamu, Choi Jeong Hwa,\u00a0Mathieu Mercier, C\u00e9cile Bart, Jean Dupuy, Nicolas Rubinstein\u2026). Chaque exposition temporaire laisse des traces de son passage \u00e7\u00e0 et l\u00e0 et compl\u00e8te ainsi la collection permanente. Odile cultive le go\u00fbt de ces traces d\u2019histoire et les r\u00e9novations transforment le lieu en douceur, en superposant les strates, en laissant toujours un pan ou des bribes d\u2019une d\u00e9coration pr\u00e9c\u00e9dente. Cette d\u00e9marche conf\u00e8re \u00e0 l\u2019h\u00f4tel un caract\u00e8re h\u00e9t\u00e9roclite \u00e9tudi\u00e9 qui se veut chaleureux et \u00e9loign\u00e9 des standards de l\u2019h\u00f4tellerie actuelle.<\/p>\n<p>C\u00f4t\u00e9 restaurant, le Windsor aime l\u2019authenticit\u00e9 en privil\u00e9giant les plats traditionnels nissarts, sans dogmatisme.\u00a0 Les saveurs s\u2019enrichissent parfois de parfums exotiques. Mais la cuisine s\u2019\u00e9labore d\u2019abord autour de produits frais et locaux. Le menu de sp\u00e9cialit\u00e9s ni\u00e7oises peut se croiser avec le menu v\u00e9g\u00e9tarien sans gluten. Le restaurant a ainsi \u00e9t\u00e9 labellis\u00e9 Maitre Restaurateur. Cette cuisine autour de produits frais et le plus souvent locaux participe \u00e0 une gestion respectueuse de l\u2019environnement, conform\u00e9ment aux exigences de la Clef verte obtenue en 2015.<\/p>\n<p>Le Spa s\u2019est d\u00e9velopp\u00e9 en 2010 avec une gamme de soins naturels et exotiques avec des praticiens fid\u00e8les qui prodiguent des massages aux bolus de lavande ou aux pierres chaudes, un gommage balinais apr\u00e8s un hammam parfum\u00e9 \u00e0 l\u2019eucalyptus ou un soin du visage Phytomer \u00e0 la rose.<\/p>\n<p>Ainsi, Odile Redolfi met l\u2019authenticit\u00e9 au c\u0153ur de sa d\u00e9marche que ce soit dans la qualit\u00e9 des services et des soins prodigu\u00e9s aux clients, dans l\u2019attention qu\u2019elle porte au confort de l\u2019\u00e9tablissement, dans le respect d\u2019une gestion Eco responsable, dans son engagement \u00e0 la conservation des \u0153uvres et du b\u00e2timent et l\u2019ambition collective qu\u2019elle porte au d\u00e9veloppement de l\u2019art contemporain dans la ville.<\/p>\n<\/div>\n\t\t\t<\/div>\n\t<div class=\"col-lg-6 pl-4 pr-0 pb-4\">\n\t\t\t\t\t<div class=\"afg-one-image-slider id=\"slider-text-slider-block_216a1d5eda9a28135c9181339a844bf9\"><figure class=\"afg-slide\"><img decoding=\"async\" src=\"https:\/\/www.hotelwindsornice.com\/wp-content\/uploads\/2025\/08\/brochure-1955.jpg\" alt=\"\" ><\/figure><figure class=\"afg-slide\"><img decoding=\"async\" src=\"https:\/\/www.hotelwindsornice.com\/wp-content\/uploads\/2025\/08\/jardin-1955.jpg\" alt=\"\" ><\/figure><\/div>\t\t\t<\/div>\n<\/section>\n\n<section id=\"title-block_b008494a7fe8f6baabc161aa42e2ad87\" class=\"row px-36 pt-30 pb-25\"> \n\t\t\t<h4 class=\"col-lg-9 title-font-30 mb-0 mt-0 lh-30 px-0\" id=\"\">\n\t\t\t\t\t\t\t<span class=\"afg-pacman-hard\">Le Windsor et l\u2019art contemporain<svg version=\"1.1\" xmlns=\"http:\/\/www.w3.org\/2000\/svg\" xmlns:xlink=\"http:\/\/www.w3.org\/1999\/xlink\" x=\"0px\" y=\"0px\"\n\t viewBox=\"0 0 24 22\" xml:space=\"preserve\"><g><defs><rect id=\"SVGID_1_\" x=\"0.6\" y=\"0.1\" width=\"23.4\" height=\"21.5\"\/><\/defs><clipPath id=\"SVGID_2_\"><use xlink:href=\"#SVGID_1_\"  style=\"overflow:visible;\"\/><\/clipPath><path style=\"clip-path:url(#SVGID_2_);\" d=\"M12.3,0.1c-6.5,0-11.7,5-11.7,11.1C0.6,16,3.7,20,8,21.7v-7.8h8.5v7.8\n\t\tC20.9,20,24,16,24,11.3C24,5.1,18.8,0.1,12.3,0.1\"\/><\/g><\/svg><\/span>\n\t\t\t\t\t<\/h4>\n\t\t\t<style type=\"text\/css\">\n\t\t#title-block_b008494a7fe8f6baabc161aa42e2ad87 .afg-pacman-hard:before {\n\t\t\tbackground-color:#000000;\n\t\t}\n\t\t#title-block_b008494a7fe8f6baabc161aa42e2ad87 svg path {\n\t\t\tfill:#000000;\n\t\t}\n\n\t\t#title-block_b008494a7fe8f6baabc161aa42e2ad87 .afg-readmore {\n\t\t\tcolor:#000000;\n\t\t}\n\t<\/style>\n<\/section>\n\n<section id=\"mosaic-block_839749f4218d1e5543b3a578c88ba7d8\" class=\"row\"> \n\t<div class=\"col-lg-12 afg-flex px-0 mt-4 afg-flex-wrap pb-90\" id=\"\">\n\t\t\t\t\t\t\t\t\t<div class=\"col-lg-3 col-6 px-0 afg-mosaic\">\n\t\t\t\t\t<img decoding=\"async\" src=\"https:\/\/www.hotelwindsornice.com\/wp-content\/uploads\/2016\/12\/9-1024x683.jpg\" alt=\"\" \/>\t\t\t\t<\/div>\n\t\t\t\t\t\t\t<div class=\"col-lg-3 col-6 px-0 afg-mosaic\">\n\t\t\t\t\t<img decoding=\"async\" src=\"https:\/\/www.hotelwindsornice.com\/wp-content\/uploads\/2021\/11\/Eric-Michel-Mickael-Petronko-1024x683.jpg\" alt=\"\" \/>\t\t\t\t<\/div>\n\t\t\t\t\t\t\t<div class=\"col-lg-3 col-6 px-0 afg-mosaic\">\n\t\t\t\t\t<img decoding=\"async\" src=\"https:\/\/www.hotelwindsornice.com\/wp-content\/uploads\/2021\/11\/MG_6232-1024x676.jpg\" alt=\"\" \/>\t\t\t\t<\/div>\n\t\t\t\t\t\t\t<div class=\"col-lg-3 col-6 px-0 afg-mosaic\">\n\t\t\t\t\t<img decoding=\"async\" src=\"https:\/\/www.hotelwindsornice.com\/wp-content\/uploads\/2025\/08\/Il-Capo-Yuri-Ancarani-Credit-Hotel-Windsor-David-Sauval-16.jpg\" alt=\"\" \/>\t\t\t\t<\/div>\n\t\t\t\t\t\t<\/div>\n<\/section>\n\n\n<p class=\"has-medium-font-size\"><strong>Les chambres d\u2019artistes&nbsp;:<\/strong><\/p>\n\n\n\n<p>En 1987, Bernard Redolfi d\u00e9couvre donc l\u2019exposition \u00ab&nbsp;Chambres d\u2019amis&nbsp;\u00bb de Jan Hoet, une exposition itin\u00e9rante dans la ville de Gand \u00e0 la d\u00e9couverte de chambres investies par des artistes et ouvertes au public par leur propri\u00e9taire. Celles-ci avaient \u00e9t\u00e9 investies temporairement par des artistes contemporains. La chambre de Buren r\u00e9alis\u00e9e \u00e0 l\u2019\u00e9poque est \u00e0 d\u00e9couvrir aujourd\u2019hui au SMAK \u00e0 Gand.&nbsp; Jo\u00ebl Ducorroy r\u00e9alisera donc la premi\u00e8re chambre au WindsoR en 1989 et Bernard Redolfi continuera avec Claude Rutault, \u00e9tablissant ainsi le lien avec l\u2019exposition belge. Ensuite, chaque ann\u00e9e, il confia la r\u00e9alisation de nouvelles chambres \u00e0 des artistes fran\u00e7ais ou \u00e9trangers ayant une belle mus\u00e9ographie pour la plupart. Chacune est le fruit d\u2019une rencontre et m\u00eame parfois d\u2019une profonde amiti\u00e9.&nbsp;Raymond Hains passa 3 ans \u00e0 l\u2019h\u00f4tel Windsor et laissa un ready-made: une photographie de son reflet dans le miroir de sa chambre, une chambre tr\u00e8s \u00ab&nbsp;habit\u00e9e&nbsp;\u00bb.&nbsp;<\/p>\n\n\n\n<p>Odile Redolfi poursuit toujours cette d\u00e9marche de r\u00e9novation continue avec enthousiasme et exigence. Odile privil\u00e9gie les plasticiens travaillant en 3 dimensions, se soucie de la p\u00e9rennit\u00e9 des pi\u00e8ces et encourage la continuit\u00e9 du travail de l\u2019artiste dans les salles de bains. La chambre de Ben a d\u00fb \u00eatre revue enti\u00e8rement pour se pr\u00e9munir du temps qui passe et de la d\u00e9t\u00e9rioration in\u00e9luctable des murs. Elle veille \u00e0 la pr\u00e9sence de travaux plus f\u00e9minins pour am\u00e9liorer la parit\u00e9 avec le temps et a ainsi r\u00e9alis\u00e9 des chambres avec Samta Benyahia, Aicha Hamu et C\u00e9cile Bart. Elle aime bien aussi aller chercher des artistes un peu plus loin ce qui permet de tisser des liens au-del\u00e0 de nos fronti\u00e8res comme avec la Cor\u00e9e en invitant l\u2019artiste Choi Jeong hwa \u00e0 investir une chambre.<\/p>\n\n\n\n<p class=\"has-medium-font-size\"><strong>La videoth\u00e8que&nbsp;:<\/strong><strong><\/strong><\/p>\n\n\n\n<p>Depuis le d\u00e9but des ann\u00e9es 2010, Odile constitue avec Pauline Payen une vid\u00e9oth\u00e8que d\u2019interviews d\u2019artistes ayant fait une installation \u00e0 l\u2019h\u00f4tel, une quinzaine \u00e0 ce jour, dont une avec Gottfried Honegger, Fran\u00e7ois Morellet et Guy Rottier qui avait lui particip\u00e9 \u00e0 une exposition. Ils nous ont quitt\u00e9s depuis, des t\u00e9moignages qui prennent plus d&#8217;importance encore.<\/p>\n\n\n\n<p class=\"has-medium-font-size\"><strong>Les expositions&nbsp;:<\/strong><\/p>\n\n\n\n<p>D\u00e8s son arriv\u00e9e, Odile a souhait\u00e9 d\u00e9velopper les expositions temporaires pour offrir \u00e0 la client\u00e8le un environnement toujours renouvel\u00e9 et aider \u00e0 la diffusion de jeunes artistes.<\/p>\n\n\n\n<p>Ainsi, apr\u00e8s avoir lanc\u00e9 l\u2019exp\u00e9rience avec la galeriste Sandrine Mons, Odile a souhait\u00e9 confier ses espaces \u00e0 des artistes pour des installations In Situ. Ainsi, ont expos\u00e9: C\u00e9dric Teisseire, Kristof Everart, Aicha Hamu, Elodie Lecat (avec Guy Rottier), Mauro Benetti, Cynthia Lemesle et JP Roubaud, le collectif KKF, Nicolas Rubinstein, \u2026 Ces artistes, le plus souvent locaux, se succ\u00e8dent et investissent tour \u00e0 tour le lieu en le transformant pour quelques mois.<\/p>\n\n\n\n<p>Parfois, des t\u00e9nors souhaitent aussi se pr\u00eater au jeu&nbsp;: Ben a expos\u00e9 une soixantaine de pi\u00e8ces pour l\u2019exposition \u00ab&nbsp;l\u2019art contemporain et la Cote d\u2019Azur&nbsp;\u00bb , No\u00ebl Dolla a investi le hall en 2016 avec ses tarlatanes&#8230;<\/p>\n\n\n\n<p>En 2017, Julien Griffaut invite 19 artistes \u00e0 participer \u00e0 une exposition collective pour la premi\u00e8re fois au Windsor:&nbsp; \u00ab&nbsp;Show me the way&nbsp;\u00bb<strong> <\/strong>en r\u00e9f\u00e9rence \u00e0 la c\u00e9l\u00e8bre chanson Alabama song de Kurt Weill et Bertolt Brecht, reprise avec succ\u00e8s par The DOORS explore la relation qui existe entre l\u2019h\u00f4tel et la musique, que cela soit \u00e0 travers la chambre d\u2019h\u00f4tel, le motel ou encore le bar.&nbsp;<\/p>\n\n\n\n<p>Membre du r\u00e9seau Botoxs, le Windsor a aussi particip\u00e9 \u00e0 plusieurs manifestations collectives (Le Salon de l\u2019auto (2010), l\u2019Art contemporain et la c\u00f4te d\u2019azur (2011), Slowmo (2012), D\u00e9marche, des marches (2018)\u2026<\/p>\n\n\n\n<p>A chaque exposition, le Windsor garde une trace du passage de l\u2019artiste pour compl\u00e9ter les installations In situ ou constituer peu \u00e0 peu une collection. On trouvera ainsi les lignes noires&nbsp; de Kristoff Everart dans le hall, la luna de Mauro Benetti qui se contemple dans la piscine, la \u00ab&nbsp;fuite d\u2019eau&nbsp;\u00bb de KKF qui s\u2019\u00e9chappe de l\u2019aquarium, quelques toiles de Ben qui habitent le restaurant, l\u2019\u00e9l\u00e9phant rose et ses 5 corbeaux dans le bar de Nicolas Rubinstein, le magicien de Pierrick Sorin dans le lobby et son autodaf\u00e9 dans la chemin\u00e9e\u2026<\/p>\n\n\n\n<p class=\"has-medium-font-size\"><strong>Le festival OVNi&nbsp;:<\/strong><strong><\/strong><\/p>\n\n\n\n<p>Soucieuse de pr\u00e9server la position unique de l\u2019h\u00f4tel Windsor dans le monde de l\u2019art contemporain, Odile Redolfi cherchait \u00e0 concevoir un \u00e9v\u00e9nement in\u00e9dit \u00e0 l\u2019h\u00f4tel. Pr\u00e9sidente de Botoxs en 2015, le r\u00e9seau d&#8217;art contemporain de la c\u00f4te d&#8217;azur, elle a souhait\u00e9 aussi concevoir un projet collaboratif \u00e0 Nice qui rassemble ses acteurs.<\/p>\n\n\n\n<p>Ainsi naquit le festival&nbsp;<a href=\"http:\/\/www.ovni-festival.fr\" target=\"_blank\" rel=\"noopener\">OVNi<\/a>, Objectif Vid\u00e9o Nice, parrain\u00e9 en 2015 par Christian Bernard, Directeur du Mamco Gen\u00e8ve avec la collaboration de Pauline Payen. 24 programmations d\u2019art vid\u00e9o propos\u00e9es par des mus\u00e9es et associations ont \u00e9t\u00e9 pr\u00e9sent\u00e9es dans les chambres du Windsor sur moniteur de t\u00e9l\u00e9vision, sur grand \u00e9cran, au sol ou au plafond, selon une sc\u00e9nographie de Pauline Payen. Un concept in\u00e9dit, un m\u00e9dium original\u2026 Un \u00e9v\u00e9nement pl\u00e9biscit\u00e9 par le public qui s\u2019est \u00e9tendu dans la ville d\u00e8s la premi\u00e8re ann\u00e9e. Plus d\u2019une centaine de vid\u00e9os sont propos\u00e9es dans ce cadre. Le festival s\u2019accompagne aussi de rencontres entre professionnels, de conf\u00e9rences et stages&#8230; &nbsp;OVNi invite ainsi des structures programmatrices du monde entier \u00e0 proposer une programmation dans un lieu, chambre d\u2019h\u00f4tel ou mus\u00e9e&#8230; &nbsp;<\/p>\n\n\n\n<p>Ainsi, Odile esp\u00e8re inscrire le Windsor dans le territoire, maintenir le lieu dans une d\u00e9marche \u00e0 la pointe de l\u2019art contemporain, soutenir la jeune cr\u00e9ation, tout en donnant aussi la parole aux anciens\u2026<\/p>\n\n\n\n<p class=\"has-medium-font-size\"><strong>Liste des chambres d\u2019artistes<\/strong> :<\/p>\n\n\n\n<pre class=\"wp-block-preformatted\">4         Basserode                           52        Charlemagne Palestine                    <br>10        Olivier Nottellet                   54        Henri Olivier<br>11        Samta Benyahia                      55        Jean Dupuy<br>17        Jean Pierre Bertrand                58        Mathieu Mercier<br>20        Philippe Perrin                     59        Fran\u00e7ois Morellet<br>22        Claude Viallat                      60        Gotscho<br>23        Glen Baxter                         62        Olivier Mosset<br>25        Peter Fend                          63        Pr\u00e9sence Panchounette<br>31        Aicha Hamu                          65        Ben<br>32        Jeong-Hwa Choi                      74        No\u00ebl Dolla<br>35        Nicolas Rubinstein                  77        C\u00e9cile Bart<br>37        Laurence Wiener                     78        Gottfried Honegger<br>38        F\u00e9lice Varini                       79        Jo\u00ebl Jean Le Gac<br>40        Raymond Hains                       82        Claude Rutault<br>42        Robert Barry                        83        Ducorroy<br>43        Jean Mas                            57        Claudio Parmiggiani             <br>45        Lilly Van Der Stocker   <br><\/pre>\n\n\n\n<p>Dans le jardin, sont pr\u00e9sentes les \u0153uvres suivantes :<\/p>\n\n\n\n<pre class=\"wp-block-preformatted has-medium-font-size\">\u2022\tle tag de Jon One<br>\u2022\tla chambre des oiseaux  \u00ab Avaria Camera \u00bb, Cynthia Lemesle et JP Roubaud<br>\u2022\t\u00ab la Luna \u00bb de Mauro Benetti<br>\u2022\tle parcours d\u2019aveugle, de Marcel Bataillard<\/pre>\n\n\n\n<p>Dans le bar, sont pr\u00e9sentes les \u0153uvres suivantes : <strong>\u00ab\u00a0Bar Barrit\u00a0\u00bb et \u00ab\u00a0Aut\u2019of Africa\u00a0\u00bb de Nicolas Rubinstein<\/strong><\/p>\n\n\n\n<div style=\"height:53px\" aria-hidden=\"true\" class=\"wp-block-spacer\"><\/div>\n\n\n\n<h2 class=\"wp-block-heading has-text-align-left\"><strong>Articles de presse\u00a0:<\/strong><\/h2>\n\n\n\n<p><br><em>Lorsqu\u2019un h\u00f4tel rime avec galerie d\u2019art, la chambre devient un lieu exp\u00e9rimental o\u00f9 l\u2019on ne vient pas seulement pour dormir\u2026<\/em><\/p>\n\n\n\n<p><em>\u00c1\u00a0travers une d\u00e9marche conceptuelle, esth\u00e9tique et plastique, l\u2019H\u00f4tel Windsor Nice vous propose d\u2019aller de surprise en d\u00e9couverte et d\u2019exalter ainsi vos sens.<\/em><\/p>\n\n\n\n<p><em>En effet, les mus\u00e9es n\u2019ont plus le monopole des \u0153uvres d\u2019art et leurs auteurs sont libres de s\u2019exprimer en des lieux o\u00f9 la r\u00e9alit\u00e9 du quotidien a davantage de chance de d\u00e9livrer leur message. Sans pr\u00e9tention aucune, dans la sinc\u00e9rit\u00e9 du don et une volont\u00e9 de partage, les artistes se plaisent \u00e0 penser que l\u2019esprit fusionne avec l\u2019art, y compris durant votre sommeil\u00a0! De grands noms de l\u2019Art contemporain, dont Ben, Raymond Hains, Jean Le Gac, Fran\u00e7ois Morellet et Claude Viallat, ont fa\u00e7onn\u00e9 ici, pour vous, diff\u00e9rents univers.<\/em><\/p>\n\n\n\n<p><em>La po\u00e9sie est aussi du voyage&#8230; Dans le jardin tropical de l\u2019h\u00f4tel, bougainvilliers, bambous et arbres fruitiers se laissent envo\u00fbter par l\u2019installation musicale de Michel Redolfi. La piscine chauff\u00e9e se charge d\u2019ajouter une ultime touche de bleu\u00a0!<\/em><\/p>\n\n\n\n<p><em>Une adresse intelligemment belle\u2026<\/em><\/p>\n\n\n\n<p><strong>Sarah Sergent, 1<sup>er<\/sup> mars 2017<\/strong><\/p>\n\n\n\n<hr class=\"wp-block-separator has-alpha-channel-opacity\"\/>\n\n\n\n<p><em>L\u2019h\u00f4tel Windsor, tout entier une \u0153uvre in situ. Une oeuvre du temps, de la m\u00e9moire, de l\u2019inspiration, une \u0153uvre en devenir permanent aux dimensions artistiques autant qu\u2019humaines. 1989, premi\u00e8re rencontre: Bernard Redolfi, le propri\u00e9taire d\u2019alors, confie la chambre 83 au plasticien Jo\u00ebl Ducoroy. Une pi\u00e8ce et sa salle de bain comme une page blanche, une invitation \u00e0 un dialogue entre art et art de vivre.<\/em><\/p>\n\n\n\n<p><em>Ensuite, il suffit d\u2019une fois pour cr\u00e9er une habitude, pour commencer une collection. Chaque ann\u00e9e depuis, des artistes fran\u00e7ais ou \u00e9trangers ouvrent une nouvelle porte, transformant peu \u00e0 peu le lieu, ce b\u00e2timent du XIXe si\u00e8cle de l\u2019\u00e9cole d\u2019Eiffel en un mus\u00e9e incroyablement vivant, o\u00f9 l\u2019exp\u00e9rience du voyage se m\u00eale inextricablement au cheminement de l\u2019\u00e9motion. D\u2019une chambre \u00e0 la suivante,\u00a0 Ben, Glen Baxter, Raymond Hains, Philippe Perrin\u2026 se sont chacun sentis comme chez eux, comme en eux, artistes de passage et tout \u00e0 la fois artistes en r\u00e9sidence, qui ont repouss\u00e9 les murs et remodel\u00e9 le monde. A leur suite, le visiteur devient acteur bien plus que spectateur \u00e0 qui l\u2019on donne \u00e0 vivre plus encore qu\u2019\u00e0 regarder. La chambre est tout sauf neutre. Elle raconte un pass\u00e9, une pr\u00e9sence, parfois un questionnement.<\/em><\/p>\n\n\n\n<p><em>Depuis 2004, Odile Redolfi-Payen, la ni\u00e8ce de Bernard a repris l\u2019H\u00f4tel, et cette mani\u00e8re de flambeau, multipliant plus que jamais les performances p\u00e9rennes ou temporaires, investissant aussi et du coup les parties communes. Les expositions y cr\u00e9ent la surprise, et laissent des traces. A la mani\u00e8re d\u2019un livre d\u2019or, chaque artiste invit\u00e9 -Marcel Bataillard, Nicko Rubinstein, Aicha Hamu, Cedric Teisseire, Kristoff Everart, Pierrick Sorin, \u2026- y \u00ab\u00a0abandonne\u00a0\u00bb une oeuvre sur laquelle peut-\u00eatre, le suivant fondera la sienne. Aussi d\u00e9couvre t\u2019on \u00e7\u00e0 et l\u00e0, dans le bar, un couloir, l\u2019ascenseur, sur la devanture, une pi\u00e8ce \u00e0 la troublante identit\u00e9: l\u00e9gitime comme un ins\u00e9parable meuble de famille, palpitante comme un \u00e9tranger d\u00e9barqu\u00e9 \u00e0 l\u2019improviste.<\/em><\/p>\n\n\n\n<p><em>Et puis il y a le jardin, moment \u00e0 part d\u2019une nature qui fait merveilleusement les choses, l\u2019ombre, la lumi\u00e8re, les oiseaux, le gracieux labyrinthe de plantes et fleurs tropicales. La nuit, la Luna, l\u2019installation de Mauro Benetti se refl\u00e8te dans la piscine. Le jour, le graffiti de JonOne brouille la g\u00e9ographie.<\/em><\/p>\n\n\n\n<p><em>On dit des plus beaux lieux qu\u2019ils ont une \u00e2me. Le Windsor en a plusieurs qui se croisent se superposent se rencontrent et dont le point commun, le point de mire, plut\u00f4t, est peut-\u00eatre une certaine id\u00e9e du bien vivre, au-del\u00e0 du confort offrir \u00e0 chacun, le plaisir de s\u2019inscrire dans une histoire. Et de dialoguer avec l\u2019Autre.<\/em><\/p>\n\n\n\n<p><strong>Festival OVNI : De l\u2019art de vivre \u00e0 l\u2019art du temps<\/strong><\/p>\n\n\n\n<hr class=\"wp-block-separator has-alpha-channel-opacity\"\/>\n\n\n\n<p><em>A l\u2019instar des artistes dans ses chambres, Odile Redolfi-Payen tient elle aussi \u00e0 repousser les murs de l\u2019h\u00f4tel Windsor, ce \u00e0 quoi elle \u0153uvre depuis trois ans, en \u00e9troite collaboration avec acteurs locaux et internationaux : OVNI, son festival annuel, projet \u00ab\u00a0d\u2019hospitalit\u00e9 artistique\u00a0\u00bb autant que promenade au fil de la ville de Nice ouvre inlassablement d\u2019in\u00e9dites perspectives. Des \u0153uvres d\u2019art contemporain, vid\u00e9os en particulier, s\u2019y installent en effet chaque ann\u00e9e une dizaine de jours, le r\u00e9el soudain transcend\u00e9 par de nouveaux univers.\u00a0 Lieux de cultures, espaces de design, institutions ou adresses priv\u00e9es invitent ainsi \u00e0 la d\u00e9couverte r\u00e9solument d\u00e9mocratique d\u2019un imaginaire sans fronti\u00e8re ni limite, d\u2019une \u00e9motion tout \u00e0 la fois collective et individuelle, d\u2019une exp\u00e9rience forc\u00e9ment unique, celle de l\u2019artiste.<\/em><\/p>\n\n\n\n<p><em>Sortir de l\u2019h\u00f4tel Windsor, donc, et puis y revenir, non plus pour dormir mais plut\u00f4t pour s\u2019\u00e9veiller, et quel malicieux retournement de situation: Car c\u2019est encore l\u00e0 que toujours se cl\u00f4t le festival avec le salon Camera Cam\u00e9ra, promenade au fil des chambres cette fois, dans lesquelles deux jours durant, des galeries prennent leur aise,\u00a0 pi\u00e8ces intimes et privil\u00e9gi\u00e9es o\u00f9 exposer des pi\u00e8ces rares et poignantes.<\/em><\/p>\n\n\n\n<p><strong>Sonia Rachline, Novembre 2018<\/strong><\/p>\n\n\n\n<figure class=\"wp-block-gallery has-nested-images columns-default is-cropped wp-block-gallery-1 is-layout-flex wp-block-gallery-is-layout-flex\">\n<figure class=\"wp-block-image size-full\"><a href=\"https:\/\/www.hotelwindsornice.com\/wp-content\/uploads\/2025\/08\/Il-Capo-Yuri-Ancarani-Credit-Hotel-Windsor-David-Sauval-16.jpg\"><img loading=\"lazy\" decoding=\"async\" width=\"800\" height=\"400\" data-id=\"18386\" src=\"https:\/\/www.hotelwindsornice.com\/wp-content\/uploads\/2025\/08\/Il-Capo-Yuri-Ancarani-Credit-Hotel-Windsor-David-Sauval-16.jpg\" alt=\"\" class=\"wp-image-18386\" srcset=\"https:\/\/www.hotelwindsornice.com\/wp-content\/uploads\/2025\/08\/Il-Capo-Yuri-Ancarani-Credit-Hotel-Windsor-David-Sauval-16.jpg 800w, https:\/\/www.hotelwindsornice.com\/wp-content\/uploads\/2025\/08\/Il-Capo-Yuri-Ancarani-Credit-Hotel-Windsor-David-Sauval-16-300x150.jpg 300w, https:\/\/www.hotelwindsornice.com\/wp-content\/uploads\/2025\/08\/Il-Capo-Yuri-Ancarani-Credit-Hotel-Windsor-David-Sauval-16-768x384.jpg 768w, https:\/\/www.hotelwindsornice.com\/wp-content\/uploads\/2025\/08\/Il-Capo-Yuri-Ancarani-Credit-Hotel-Windsor-David-Sauval-16-600x300.jpg 600w, https:\/\/www.hotelwindsornice.com\/wp-content\/uploads\/2025\/08\/Il-Capo-Yuri-Ancarani-Credit-Hotel-Windsor-David-Sauval-16-100x50.jpg 100w\" sizes=\"auto, (max-width: 800px) 100vw, 800px\" \/><\/a><\/figure>\n\n\n\n<figure class=\"wp-block-image size-full\"><a href=\"https:\/\/www.hotelwindsornice.com\/wp-content\/uploads\/2016\/12\/9-scaled-e1755433743220.jpg\"><img loading=\"lazy\" decoding=\"async\" width=\"3543\" height=\"2362\" data-id=\"5570\" src=\"https:\/\/www.hotelwindsornice.com\/wp-content\/uploads\/2016\/12\/9-scaled-e1755433743220.jpg\" alt=\"\" class=\"wp-image-5570\" srcset=\"https:\/\/www.hotelwindsornice.com\/wp-content\/uploads\/2016\/12\/9-scaled-e1755433743220.jpg 3543w, https:\/\/www.hotelwindsornice.com\/wp-content\/uploads\/2016\/12\/9-scaled-e1755433743220-300x200.jpg 300w, https:\/\/www.hotelwindsornice.com\/wp-content\/uploads\/2016\/12\/9-scaled-e1755433743220-1024x683.jpg 1024w, https:\/\/www.hotelwindsornice.com\/wp-content\/uploads\/2016\/12\/9-scaled-e1755433743220-768x512.jpg 768w, https:\/\/www.hotelwindsornice.com\/wp-content\/uploads\/2016\/12\/9-scaled-e1755433743220-1536x1024.jpg 1536w, https:\/\/www.hotelwindsornice.com\/wp-content\/uploads\/2016\/12\/9-scaled-e1755433743220-2048x1365.jpg 2048w, https:\/\/www.hotelwindsornice.com\/wp-content\/uploads\/2016\/12\/9-scaled-e1755433743220-600x400.jpg 600w, https:\/\/www.hotelwindsornice.com\/wp-content\/uploads\/2016\/12\/9-scaled-e1755433743220-100x67.jpg 100w\" sizes=\"auto, (max-width: 3543px) 100vw, 3543px\" \/><\/a><\/figure>\n\n\n\n<figure class=\"wp-block-image size-full\"><a href=\"https:\/\/www.hotelwindsornice.com\/wp-content\/uploads\/2021\/11\/Eric-Michel-Mickael-Petronko-scaled-e1755450149372.jpg\"><img loading=\"lazy\" decoding=\"async\" width=\"2560\" height=\"1707\" data-id=\"15134\" src=\"https:\/\/www.hotelwindsornice.com\/wp-content\/uploads\/2021\/11\/Eric-Michel-Mickael-Petronko-scaled-e1755450149372.jpg\" alt=\"\" class=\"wp-image-15134\" srcset=\"https:\/\/www.hotelwindsornice.com\/wp-content\/uploads\/2021\/11\/Eric-Michel-Mickael-Petronko-scaled-e1755450149372.jpg 2560w, https:\/\/www.hotelwindsornice.com\/wp-content\/uploads\/2021\/11\/Eric-Michel-Mickael-Petronko-scaled-e1755450149372-300x200.jpg 300w, https:\/\/www.hotelwindsornice.com\/wp-content\/uploads\/2021\/11\/Eric-Michel-Mickael-Petronko-scaled-e1755450149372-1024x683.jpg 1024w, https:\/\/www.hotelwindsornice.com\/wp-content\/uploads\/2021\/11\/Eric-Michel-Mickael-Petronko-scaled-e1755450149372-768x512.jpg 768w, https:\/\/www.hotelwindsornice.com\/wp-content\/uploads\/2021\/11\/Eric-Michel-Mickael-Petronko-scaled-e1755450149372-1536x1024.jpg 1536w, https:\/\/www.hotelwindsornice.com\/wp-content\/uploads\/2021\/11\/Eric-Michel-Mickael-Petronko-scaled-e1755450149372-2048x1366.jpg 2048w, https:\/\/www.hotelwindsornice.com\/wp-content\/uploads\/2021\/11\/Eric-Michel-Mickael-Petronko-scaled-e1755450149372-600x400.jpg 600w, https:\/\/www.hotelwindsornice.com\/wp-content\/uploads\/2021\/11\/Eric-Michel-Mickael-Petronko-scaled-e1755450149372-100x67.jpg 100w\" sizes=\"auto, (max-width: 2560px) 100vw, 2560px\" \/><\/a><\/figure>\n\n\n\n<figure class=\"wp-block-image size-full\"><a href=\"https:\/\/www.hotelwindsornice.com\/wp-content\/uploads\/2021\/11\/MG_6232-scaled-e1755450139862.jpg\"><img loading=\"lazy\" decoding=\"async\" width=\"2560\" height=\"1689\" data-id=\"15140\" src=\"https:\/\/www.hotelwindsornice.com\/wp-content\/uploads\/2021\/11\/MG_6232-scaled-e1755450139862.jpg\" alt=\"\" class=\"wp-image-15140\" srcset=\"https:\/\/www.hotelwindsornice.com\/wp-content\/uploads\/2021\/11\/MG_6232-scaled-e1755450139862.jpg 2560w, https:\/\/www.hotelwindsornice.com\/wp-content\/uploads\/2021\/11\/MG_6232-scaled-e1755450139862-300x198.jpg 300w, https:\/\/www.hotelwindsornice.com\/wp-content\/uploads\/2021\/11\/MG_6232-scaled-e1755450139862-1024x676.jpg 1024w, https:\/\/www.hotelwindsornice.com\/wp-content\/uploads\/2021\/11\/MG_6232-scaled-e1755450139862-768x507.jpg 768w, https:\/\/www.hotelwindsornice.com\/wp-content\/uploads\/2021\/11\/MG_6232-scaled-e1755450139862-1536x1013.jpg 1536w, https:\/\/www.hotelwindsornice.com\/wp-content\/uploads\/2021\/11\/MG_6232-scaled-e1755450139862-2048x1351.jpg 2048w, https:\/\/www.hotelwindsornice.com\/wp-content\/uploads\/2021\/11\/MG_6232-scaled-e1755450139862-600x396.jpg 600w, https:\/\/www.hotelwindsornice.com\/wp-content\/uploads\/2021\/11\/MG_6232-scaled-e1755450139862-100x66.jpg 100w\" sizes=\"auto, (max-width: 2560px) 100vw, 2560px\" \/><\/a><\/figure>\n\n\n\n<figure class=\"wp-block-image size-full\"><a href=\"https:\/\/www.hotelwindsornice.com\/wp-content\/uploads\/2016\/12\/Vumbi-Kapwani-Kiwanga-Cr\u00e9dit-H\u00f4tel-Windsor-David-Sauval-46-e1755459413317.jpg\"><img loading=\"lazy\" decoding=\"async\" width=\"1889\" height=\"1181\" data-id=\"5487\" src=\"https:\/\/www.hotelwindsornice.com\/wp-content\/uploads\/2016\/12\/Vumbi-Kapwani-Kiwanga-Cr\u00e9dit-H\u00f4tel-Windsor-David-Sauval-46-e1755459413317.jpg\" alt=\"\" class=\"wp-image-5487\" srcset=\"https:\/\/www.hotelwindsornice.com\/wp-content\/uploads\/2016\/12\/Vumbi-Kapwani-Kiwanga-Cr\u00e9dit-H\u00f4tel-Windsor-David-Sauval-46-e1755459413317.jpg 1889w, https:\/\/www.hotelwindsornice.com\/wp-content\/uploads\/2016\/12\/Vumbi-Kapwani-Kiwanga-Cr\u00e9dit-H\u00f4tel-Windsor-David-Sauval-46-e1755459413317-300x188.jpg 300w, https:\/\/www.hotelwindsornice.com\/wp-content\/uploads\/2016\/12\/Vumbi-Kapwani-Kiwanga-Cr\u00e9dit-H\u00f4tel-Windsor-David-Sauval-46-e1755459413317-768x480.jpg 768w, https:\/\/www.hotelwindsornice.com\/wp-content\/uploads\/2016\/12\/Vumbi-Kapwani-Kiwanga-Cr\u00e9dit-H\u00f4tel-Windsor-David-Sauval-46-e1755459413317-1024x640.jpg 1024w, https:\/\/www.hotelwindsornice.com\/wp-content\/uploads\/2016\/12\/Vumbi-Kapwani-Kiwanga-Cr\u00e9dit-H\u00f4tel-Windsor-David-Sauval-46-e1755459413317-600x375.jpg 600w, https:\/\/www.hotelwindsornice.com\/wp-content\/uploads\/2016\/12\/Vumbi-Kapwani-Kiwanga-Cr\u00e9dit-H\u00f4tel-Windsor-David-Sauval-46-e1755459413317-100x63.jpg 100w, https:\/\/www.hotelwindsornice.com\/wp-content\/uploads\/2016\/12\/Vumbi-Kapwani-Kiwanga-Cr\u00e9dit-H\u00f4tel-Windsor-David-Sauval-46-e1755459413317-1536x960.jpg 1536w\" sizes=\"auto, (max-width: 1889px) 100vw, 1889px\" \/><\/a><\/figure>\n<\/figure>\n\n\n\n<div class=\"wp-block-columns is-layout-flex wp-container-core-columns-is-layout-9d6595d7 wp-block-columns-is-layout-flex\">\n<div class=\"wp-block-column is-layout-flow wp-block-column-is-layout-flow\" style=\"flex-basis:100%\">\n<div class=\"wp-block-group\"><div class=\"wp-block-group__inner-container is-layout-flow wp-block-group-is-layout-flow\"><\/div><\/div>\n<\/div>\n<\/div>\n\n\n\n<div class=\"wp-block-columns is-layout-flex wp-container-core-columns-is-layout-9d6595d7 wp-block-columns-is-layout-flex\">\n<div class=\"wp-block-column is-layout-flow wp-block-column-is-layout-flow\" style=\"flex-basis:100%\">\n<div class=\"wp-block-group\"><div class=\"wp-block-group__inner-container is-layout-flow wp-block-group-is-layout-flow\"><\/div><\/div>\n<\/div>\n<\/div>\n","protected":false},"excerpt":{"rendered":"<p>L\u2019h\u00f4tel Windsor est situ\u00e9 \u00e0 quelques pas de la Promenade des Anglais et de la zone pi\u00e9tonne. C\u2019est un h\u00f4tel familial charg\u00e9 d\u2019histoire qui a \u00e9volu\u00e9 au fil des g\u00e9n\u00e9rations. Il a subi plusieurs transformations afin d\u2019obtenir une troisi\u00e8me \u00e9toile au milieu du si\u00e8cle dernier et la quatri\u00e8me \u00e9toile en 2012. &nbsp; Les chambres d\u2019artistes&nbsp;: [&hellip;]<\/p>\n","protected":false},"author":3,"featured_media":0,"parent":0,"menu_order":0,"comment_status":"closed","ping_status":"closed","template":"","meta":{"_acf_changed":false,"footnotes":""},"class_list":["post-9254","page","type-page","status-publish","hentry"],"acf":[],"_links":{"self":[{"href":"https:\/\/www.hotelwindsornice.com\/en\/wp-json\/wp\/v2\/pages\/9254","targetHints":{"allow":["GET"]}}],"collection":[{"href":"https:\/\/www.hotelwindsornice.com\/en\/wp-json\/wp\/v2\/pages"}],"about":[{"href":"https:\/\/www.hotelwindsornice.com\/en\/wp-json\/wp\/v2\/types\/page"}],"author":[{"embeddable":true,"href":"https:\/\/www.hotelwindsornice.com\/en\/wp-json\/wp\/v2\/users\/3"}],"replies":[{"embeddable":true,"href":"https:\/\/www.hotelwindsornice.com\/en\/wp-json\/wp\/v2\/comments?post=9254"}],"version-history":[{"count":92,"href":"https:\/\/www.hotelwindsornice.com\/en\/wp-json\/wp\/v2\/pages\/9254\/revisions"}],"predecessor-version":[{"id":18424,"href":"https:\/\/www.hotelwindsornice.com\/en\/wp-json\/wp\/v2\/pages\/9254\/revisions\/18424"}],"wp:attachment":[{"href":"https:\/\/www.hotelwindsornice.com\/en\/wp-json\/wp\/v2\/media?parent=9254"}],"curies":[{"name":"wp","href":"https:\/\/api.w.org\/{rel}","templated":true}]}}